{"id":20,"date":"2017-06-30T09:49:25","date_gmt":"2017-06-30T09:49:25","guid":{"rendered":"http:\/\/www.nicdarkthemes.com\/themes\/hotel\/wp\/demo\/?page_id=20"},"modified":"2020-12-18T08:55:09","modified_gmt":"2020-12-18T11:55:09","slug":"eventos","status":"publish","type":"page","link":"https:\/\/hostalcaulle.cl\/pt\/eventos\/","title":{"rendered":"Eventos"},"content":{"rendered":"<div class=\"vc_row wpb_row vc_row-fluid\"><div class=\"wpb_column vc_column_container vc_col-sm-12\"><div class=\"vc_column-inner vc_custom_1499951634504\"><div class=\"wpb_wrapper\">\n\n\n\t<script type=\"text\/javascript\">\n    \/\/<![CDATA[\n    \n    jQuery(document).ready(function() {\n\n      \/\/START masonry\n      jQuery(function ($) {\n        \n        \/\/Masonry\n\t\tvar $nd_options_masonry_content = $(\".nd_options_masonry_content\").imagesLoaded( function() {\n\t\t  \/\/ init Masonry after all images have loaded\n\t\t  $nd_options_masonry_content.masonry({\n\t\t    itemSelector: \".nd_options_masonry_item\"\n\t\t  });\n\t\t});\n\n\n      });\n      \/\/END masonry\n\n    });\n\n    \/\/]]>\n  <\/script>\n\n\n<!--START MASONRY--><div class=\"nd_options_section nd_options_masonry_content\">\n\n\n\t    <div class=\"nd_options_width_33_percentage nd_options_float_left nd_options_padding_15 nd_options_box_sizing_border_box nd_options_masonry_item nd_options_width_100_percentage_responsive\">\n\t\t    <div class=\"nd_options_section nd_options_border_1_solid_grey nd_options_bg_white\">\n\n\t\t        <div class=\"nd_options_section nd_options_position_relative\">\n\t\t            \n\t\t            \n\n\n\t\t  \t<div class=\"nd_options_section nd_options_position_relative\">\n\t\t        <a href=\"https:\/\/hostalcaulle.cl\/pt\/programa-mujeres-jefas-de-hogar-de-sernameg-los-rios-abre-sus-postulaciones-2021-para-apoyar-autonomia-economica-de-las-mujeres\/\"><img alt=\"\" class=\"nd_options_section\" src=\"https:\/\/hostalcaulle.cl\/wp-content\/uploads\/2021\/02\/Emprendedora-Jefas-de-Hogar-Mariquina-19-nov-2020-1024x682-1.jpg\"><\/a>\n\t\t    <\/div>\n\n\t\t  \t\n\n\t\t        <\/div>\n\n\t\t        <div class=\"nd_options_section nd_options_padding_30 nd_options_box_sizing_border_box\">\n\t\t            <h5 class=\"nd_options_margin_0_important nd_options_padding_0 nd_options_second_font nd_options_color_greydark nd_options_font_size_12 nd_options_text_transform_uppercase nd_options_letter_spacing_3 nd_options_font_weight_lighter\">Sem categoria <\/h5>\n\n\t\t            <div class=\"nd_options_section nd_options_height_15\"><\/div>\n\t \t\t\t\t<div class=\"nd_options_section nd_options_line_height_0\"><span class=\"nd_options_display_inline_block nd_options_float_left nd_options_bg_greydark nd_options_width_30 nd_options_height_1\"><\/span><\/div>\n\t \t\t\t\t<div class=\"nd_options_section nd_options_height_15\"><\/div>\n\n\t\t            <h2 class=\"nd_options_margin_0_important nd_options_padding_0\">Programa SernameEG Los R\u00edos &quot;Mulheres Chefes de Fam\u00edlia&quot; abre suas inscri\u00e7\u00f5es 2021 para apoiar a autonomia econ\u00f4mica das mulheres<\/h2>\n\t\t            <div class=\"nd_options_section nd_options_height_20\"><\/div>\n\t\t            <p class=\"nd_options_margin_0_important nd_options_padding_0\">Este m\u00eas as inscri\u00e7\u00f5es come\u00e7aram a fazer parte do programa &quot;Mulheres Chefes de Fam\u00edlia&quot; que o Servi\u00e7o Nacional da Mulher realiza em todo o Chile e em Los R\u00edos fornece ferramentas de autonomia econ\u00f4mica a mais de 800 mulheres da regi\u00e3o. A Diretora Regional da pasta, Waleska Fehrmann Atero, exortou as mulheres [\u2026]<\/p>\n\t\t            <div class=\"nd_options_section nd_options_height_20\"><\/div>\n\t\t            <a style=\"border: 2px solid #000; color:#000;\" class=\"nd_options_display_inline_block nd_options_line_height_11 nd_options_text_align_center nd_options_box_sizing_border_box nd_options_font_size_11 nd_options_font_weight_bold nd_options_second_font nd_options_padding_15_30\" href=\"https:\/\/hostalcaulle.cl\/pt\/programa-mujeres-jefas-de-hogar-de-sernameg-los-rios-abre-sus-postulaciones-2021-para-apoyar-autonomia-economica-de-las-mujeres\/\">CONSULTE MAIS INFORMA\u00c7\u00c3O<\/a>\n\n\t\t        <\/div>\n\n\t\t    <\/div>\n\t\t<\/div>\n\n\n\t  \n\n\n\t    <div class=\"nd_options_width_33_percentage nd_options_float_left nd_options_padding_15 nd_options_box_sizing_border_box nd_options_masonry_item nd_options_width_100_percentage_responsive\">\n\t\t    <div class=\"nd_options_section nd_options_border_1_solid_grey nd_options_bg_white\">\n\n\t\t        <div class=\"nd_options_section nd_options_position_relative\">\n\t\t            \n\t\t            \n\n\n\t\t  \t<div class=\"nd_options_section nd_options_position_relative\">\n\t\t        <a href=\"https:\/\/hostalcaulle.cl\/pt\/56-de-los-permisos-de-traslado-por-vacaciones-tienen-a-los-rios-como-destino\/\"><img alt=\"\" class=\"nd_options_section\" src=\"https:\/\/hostalcaulle.cl\/wp-content\/uploads\/2021\/02\/a.jpg\"><\/a>\n\t\t    <\/div>\n\n\t\t  \t\n\n\t\t        <\/div>\n\n\t\t        <div class=\"nd_options_section nd_options_padding_30 nd_options_box_sizing_border_box\">\n\t\t            <h5 class=\"nd_options_margin_0_important nd_options_padding_0 nd_options_second_font nd_options_color_greydark nd_options_font_size_12 nd_options_text_transform_uppercase nd_options_letter_spacing_3 nd_options_font_weight_lighter\">Sem categoria <\/h5>\n\n\t\t            <div class=\"nd_options_section nd_options_height_15\"><\/div>\n\t \t\t\t\t<div class=\"nd_options_section nd_options_line_height_0\"><span class=\"nd_options_display_inline_block nd_options_float_left nd_options_bg_greydark nd_options_width_30 nd_options_height_1\"><\/span><\/div>\n\t \t\t\t\t<div class=\"nd_options_section nd_options_height_15\"><\/div>\n\n\t\t            <h2 class=\"nd_options_margin_0_important nd_options_padding_0\">5.6% de autoriza\u00e7\u00f5es de viagem para f\u00e9rias t\u00eam Los R\u00edos como destino<\/h2>\n\t\t            <div class=\"nd_options_section nd_options_height_20\"><\/div>\n\t\t            <p class=\"nd_options_margin_0_important nd_options_padding_0\">O Subsecret\u00e1rio de Preven\u00e7\u00e3o ao Crime divulgou um relat\u00f3rio detalhando o n\u00famero de autoriza\u00e7\u00f5es concedidas entre 4 e 9 de janeiro. Neste s\u00e1bado, o Subsecret\u00e1rio de Preven\u00e7\u00e3o ao Crime divulgou um relat\u00f3rio detalhando o n\u00famero de autoriza\u00e7\u00f5es concedidas entre 4 e 9 de janeiro em n\u00edvel nacional. No total, entre estes [\u2026]<\/p>\n\t\t            <div class=\"nd_options_section nd_options_height_20\"><\/div>\n\t\t            <a style=\"border: 2px solid #000; color:#000;\" class=\"nd_options_display_inline_block nd_options_line_height_11 nd_options_text_align_center nd_options_box_sizing_border_box nd_options_font_size_11 nd_options_font_weight_bold nd_options_second_font nd_options_padding_15_30\" href=\"https:\/\/hostalcaulle.cl\/pt\/56-de-los-permisos-de-traslado-por-vacaciones-tienen-a-los-rios-como-destino\/\">CONSULTE MAIS INFORMA\u00c7\u00c3O<\/a>\n\n\t\t        <\/div>\n\n\t\t    <\/div>\n\t\t<\/div>\n\n\n\t  \n\n\n\t    <div class=\"nd_options_width_33_percentage nd_options_float_left nd_options_padding_15 nd_options_box_sizing_border_box nd_options_masonry_item nd_options_width_100_percentage_responsive\">\n\t\t    <div class=\"nd_options_section nd_options_border_1_solid_grey nd_options_bg_white\">\n\n\t\t        <div class=\"nd_options_section nd_options_position_relative\">\n\t\t            \n\t\t            \n\n\n\t\t  \t<div class=\"nd_options_section nd_options_position_relative\">\n\t\t        <a href=\"https:\/\/hostalcaulle.cl\/pt\/alojamiento-de-turistas-cayo-en-un-78-8-en-los-rios\/\"><img alt=\"\" class=\"nd_options_section\" src=\"https:\/\/hostalcaulle.cl\/wp-content\/uploads\/2021\/02\/60195a1ba0e65_890x533.jpg\"><\/a>\n\t\t    <\/div>\n\n\t\t  \t\n\n\t\t        <\/div>\n\n\t\t        <div class=\"nd_options_section nd_options_padding_30 nd_options_box_sizing_border_box\">\n\t\t            <h5 class=\"nd_options_margin_0_important nd_options_padding_0 nd_options_second_font nd_options_color_greydark nd_options_font_size_12 nd_options_text_transform_uppercase nd_options_letter_spacing_3 nd_options_font_weight_lighter\">Sem categoria <\/h5>\n\n\t\t            <div class=\"nd_options_section nd_options_height_15\"><\/div>\n\t \t\t\t\t<div class=\"nd_options_section nd_options_line_height_0\"><span class=\"nd_options_display_inline_block nd_options_float_left nd_options_bg_greydark nd_options_width_30 nd_options_height_1\"><\/span><\/div>\n\t \t\t\t\t<div class=\"nd_options_section nd_options_height_15\"><\/div>\n\n\t\t            <h2 class=\"nd_options_margin_0_important nd_options_padding_0\">Alojamento tur\u00edstico caiu 78,8% em Los R\u00edos<\/h2>\n\t\t            <div class=\"nd_options_section nd_options_height_20\"><\/div>\n\t\t            <p class=\"nd_options_margin_0_important nd_options_padding_0\">As dormidas de passageiros na regi\u00e3o diminu\u00edram em dezembro de 2020, face ao ano anterior, conforme reportado pelo INE. Em dezembro de 2020, conforme reportado esta manh\u00e3 pelo Instituto Nacional de Estat\u00edstica (INE), foram estimadas 11.006 dormidas, um valor inferior de 78,8% em rela\u00e7\u00e3o a dezembro de 2019. Quanto \u00e0s chegadas a estabelecimentos de alojamento tur\u00edstico regional, [\u2026]<\/p>\n\t\t            <div class=\"nd_options_section nd_options_height_20\"><\/div>\n\t\t            <a style=\"border: 2px solid #000; color:#000;\" class=\"nd_options_display_inline_block nd_options_line_height_11 nd_options_text_align_center nd_options_box_sizing_border_box nd_options_font_size_11 nd_options_font_weight_bold nd_options_second_font nd_options_padding_15_30\" href=\"https:\/\/hostalcaulle.cl\/pt\/alojamiento-de-turistas-cayo-en-un-78-8-en-los-rios\/\">CONSULTE MAIS INFORMA\u00c7\u00c3O<\/a>\n\n\t\t        <\/div>\n\n\t\t    <\/div>\n\t\t<\/div>\n\n\n\t  \n\n\n\t    <div class=\"nd_options_width_33_percentage nd_options_float_left nd_options_padding_15 nd_options_box_sizing_border_box nd_options_masonry_item nd_options_width_100_percentage_responsive\">\n\t\t    <div class=\"nd_options_section nd_options_border_1_solid_grey nd_options_bg_white\">\n\n\t\t        <div class=\"nd_options_section nd_options_position_relative\">\n\t\t            \n\t\t            \n\n\n\t\t  \t<div class=\"nd_options_section nd_options_position_relative\">\n\t\t        <a href=\"https:\/\/hostalcaulle.cl\/pt\/certificado-de-confianza-turistica\/\"><img alt=\"\" class=\"nd_options_section\" src=\"https:\/\/hostalcaulle.cl\/wp-content\/uploads\/2021\/02\/Chile_confianza_turistica.jpg\"><\/a>\n\t\t    <\/div>\n\n\t\t  \t\n\n\t\t        <\/div>\n\n\t\t        <div class=\"nd_options_section nd_options_padding_30 nd_options_box_sizing_border_box\">\n\t\t            <h5 class=\"nd_options_margin_0_important nd_options_padding_0 nd_options_second_font nd_options_color_greydark nd_options_font_size_12 nd_options_text_transform_uppercase nd_options_letter_spacing_3 nd_options_font_weight_lighter\">Sem categoria <\/h5>\n\n\t\t            <div class=\"nd_options_section nd_options_height_15\"><\/div>\n\t \t\t\t\t<div class=\"nd_options_section nd_options_line_height_0\"><span class=\"nd_options_display_inline_block nd_options_float_left nd_options_bg_greydark nd_options_width_30 nd_options_height_1\"><\/span><\/div>\n\t \t\t\t\t<div class=\"nd_options_section nd_options_height_15\"><\/div>\n\n\t\t            <h2 class=\"nd_options_margin_0_important nd_options_padding_0\">Certificado de confian\u00e7a tur\u00edstica<\/h2>\n\t\t            <div class=\"nd_options_section nd_options_height_20\"><\/div>\n\t\t            <p class=\"nd_options_margin_0_important nd_options_padding_0\">O que \u00e9? Distin\u00e7\u00e3o concedida a todos os prestadores de servi\u00e7os tur\u00edsticos, inscritos no Servi\u00e7o Nacional de Turismo, que se comprometam e declarem cumprir as medidas de gest\u00e3o e preven\u00e7\u00e3o sanit\u00e1ria para reduzir o risco de cont\u00e1gio da Covid-19. Como \u00e9 obtido? Etapa 1: Entre no Registro com seu e-mail e [...]<\/p>\n\t\t            <div class=\"nd_options_section nd_options_height_20\"><\/div>\n\t\t            <a style=\"border: 2px solid #000; color:#000;\" class=\"nd_options_display_inline_block nd_options_line_height_11 nd_options_text_align_center nd_options_box_sizing_border_box nd_options_font_size_11 nd_options_font_weight_bold nd_options_second_font nd_options_padding_15_30\" href=\"https:\/\/hostalcaulle.cl\/pt\/certificado-de-confianza-turistica\/\">CONSULTE MAIS INFORMA\u00c7\u00c3O<\/a>\n\n\t\t        <\/div>\n\n\t\t    <\/div>\n\t\t<\/div>\n\n\n\t  \n\n\n\t    <div class=\"nd_options_width_33_percentage nd_options_float_left nd_options_padding_15 nd_options_box_sizing_border_box nd_options_masonry_item nd_options_width_100_percentage_responsive\">\n\t\t    <div class=\"nd_options_section nd_options_border_1_solid_grey nd_options_bg_white\">\n\n\t\t        <div class=\"nd_options_section nd_options_position_relative\">\n\t\t            \n\t\t            \n\n\n\t\t  \t<div class=\"nd_options_section nd_options_position_relative\">\n\t\t        <a href=\"https:\/\/hostalcaulle.cl\/pt\/turistica-2\/\"><img alt=\"\" class=\"nd_options_section\" src=\"https:\/\/hostalcaulle.cl\/wp-content\/uploads\/2021\/02\/Chile_confianza_turistica.jpg\"><\/a>\n\t\t    <\/div>\n\n\t\t  \t\n\n\t\t        <\/div>\n\n\t\t        <div class=\"nd_options_section nd_options_padding_30 nd_options_box_sizing_border_box\">\n\t\t            <h5 class=\"nd_options_margin_0_important nd_options_padding_0 nd_options_second_font nd_options_color_greydark nd_options_font_size_12 nd_options_text_transform_uppercase nd_options_letter_spacing_3 nd_options_font_weight_lighter\">Sem categoria <\/h5>\n\n\t\t            <div class=\"nd_options_section nd_options_height_15\"><\/div>\n\t \t\t\t\t<div class=\"nd_options_section nd_options_line_height_0\"><span class=\"nd_options_display_inline_block nd_options_float_left nd_options_bg_greydark nd_options_width_30 nd_options_height_1\"><\/span><\/div>\n\t \t\t\t\t<div class=\"nd_options_section nd_options_height_15\"><\/div>\n\n\t\t            <h2 class=\"nd_options_margin_0_important nd_options_padding_0\">Percorrer<\/h2>\n\t\t            <div class=\"nd_options_section nd_options_height_20\"><\/div>\n\t\t            <p class=\"nd_options_margin_0_important nd_options_padding_0\">&nbsp; O que \u00e9? Distin\u00e7\u00e3o concedida a todos os prestadores de servi\u00e7os tur\u00edsticos, inscritos no Servi\u00e7o Nacional de Turismo, que se comprometam e declarem cumprir as medidas de gest\u00e3o e preven\u00e7\u00e3o sanit\u00e1ria para reduzir o risco de cont\u00e1gio da Covid-19. Como \u00e9 obtido? Etapa 1: Entre no Registro com seu e-mail e [...]<\/p>\n\t\t            <div class=\"nd_options_section nd_options_height_20\"><\/div>\n\t\t            <a style=\"border: 2px solid #000; color:#000;\" class=\"nd_options_display_inline_block nd_options_line_height_11 nd_options_text_align_center nd_options_box_sizing_border_box nd_options_font_size_11 nd_options_font_weight_bold nd_options_second_font nd_options_padding_15_30\" href=\"https:\/\/hostalcaulle.cl\/pt\/turistica-2\/\">CONSULTE MAIS INFORMA\u00c7\u00c3O<\/a>\n\n\t\t        <\/div>\n\n\t\t    <\/div>\n\t\t<\/div>\n\n\n\t  \n\n\n\t    <div class=\"nd_options_width_33_percentage nd_options_float_left nd_options_padding_15 nd_options_box_sizing_border_box nd_options_masonry_item nd_options_width_100_percentage_responsive\">\n\t\t    <div class=\"nd_options_section nd_options_border_1_solid_grey nd_options_bg_white\">\n\n\t\t        <div class=\"nd_options_section nd_options_position_relative\">\n\t\t            \n\t\t            \n\n\t\t        <\/div>\n\n\t\t        <div class=\"nd_options_section nd_options_padding_30 nd_options_box_sizing_border_box\">\n\t\t            <h5 class=\"nd_options_margin_0_important nd_options_padding_0 nd_options_second_font nd_options_color_greydark nd_options_font_size_12 nd_options_text_transform_uppercase nd_options_letter_spacing_3 nd_options_font_weight_lighter\">Turismo 2021 <\/h5>\n\n\t\t            <div class=\"nd_options_section nd_options_height_15\"><\/div>\n\t \t\t\t\t<div class=\"nd_options_section nd_options_line_height_0\"><span class=\"nd_options_display_inline_block nd_options_float_left nd_options_bg_greydark nd_options_width_30 nd_options_height_1\"><\/span><\/div>\n\t \t\t\t\t<div class=\"nd_options_section nd_options_height_15\"><\/div>\n\n\t\t            <h2 class=\"nd_options_margin_0_important nd_options_padding_0\">Rut\u00e9nica FamTour<\/h2>\n\t\t            <div class=\"nd_options_section nd_options_height_20\"><\/div>\n\t\t            <p class=\"nd_options_margin_0_important nd_options_padding_0\">Nesta ter\u00e7a-feira, 23 de novembro, acontecer\u00e1 esta divertida atividade, que \u00e9 convocada pela plataforma tur\u00edstica Rut\u00e9nica da Bacia do Lago Ranco &nbsp;<\/p>\n\t\t            <div class=\"nd_options_section nd_options_height_20\"><\/div>\n\t\t            <a style=\"border: 2px solid #000; color:#000;\" class=\"nd_options_display_inline_block nd_options_line_height_11 nd_options_text_align_center nd_options_box_sizing_border_box nd_options_font_size_11 nd_options_font_weight_bold nd_options_second_font nd_options_padding_15_30\" href=\"https:\/\/hostalcaulle.cl\/pt\/famtour-rutenica\/\">CONSULTE MAIS INFORMA\u00c7\u00c3O<\/a>\n\n\t\t        <\/div>\n\n\t\t    <\/div>\n\t\t<\/div>\n\n\n\t  <\/div><!--CLOSE MASONRY--><\/div><\/div><\/div><\/div>","protected":false},"excerpt":{"rendered":"Nesta ter\u00e7a-feira, 23 de novembro, acontecer\u00e1 esta divertida atividade, que \u00e9 convocada pela plataforma tur\u00edstica Rut\u00e9nica da Bacia do Lago Ranco &nbsp;","protected":false},"author":1,"featured_media":0,"parent":0,"menu_order":0,"comment_status":"closed","ping_status":"closed","template":"","meta":[],"_links":{"self":[{"href":"https:\/\/hostalcaulle.cl\/pt\/wp-json\/wp\/v2\/pages\/20"}],"collection":[{"href":"https:\/\/hostalcaulle.cl\/pt\/wp-json\/wp\/v2\/pages"}],"about":[{"href":"https:\/\/hostalcaulle.cl\/pt\/wp-json\/wp\/v2\/types\/page"}],"author":[{"embeddable":true,"href":"https:\/\/hostalcaulle.cl\/pt\/wp-json\/wp\/v2\/users\/1"}],"replies":[{"embeddable":true,"href":"https:\/\/hostalcaulle.cl\/pt\/wp-json\/wp\/v2\/comments?post=20"}],"version-history":[{"count":1,"href":"https:\/\/hostalcaulle.cl\/pt\/wp-json\/wp\/v2\/pages\/20\/revisions"}],"predecessor-version":[{"id":1681,"href":"https:\/\/hostalcaulle.cl\/pt\/wp-json\/wp\/v2\/pages\/20\/revisions\/1681"}],"wp:attachment":[{"href":"https:\/\/hostalcaulle.cl\/pt\/wp-json\/wp\/v2\/media?parent=20"}],"curies":[{"name":"wp","href":"https:\/\/api.w.org\/{rel}","templated":true}]}}